{"id":1209,"date":"2022-12-22T16:45:44","date_gmt":"2022-12-22T16:45:44","guid":{"rendered":"https:\/\/hmcsviagens.pt\/?page_id=1209"},"modified":"2022-12-22T16:45:52","modified_gmt":"2022-12-22T16:45:52","slug":"termos-e-condicoes","status":"publish","type":"page","link":"https:\/\/hmcsviagens.pt\/index.php\/termos-e-condicoes\/","title":{"rendered":"Termos e Condi\u00e7\u00f5es"},"content":{"rendered":"\n<p><br>As presentes condi\u00e7\u00f5es gerais fazem parte integrante do programa de viagens apresentado no nosso site, constituindo na aus\u00eancia de documento aut\u00f3nomo o contrato de viagem<br><br>A informa\u00e7\u00e3o \u00e9 vinculativa para a ag\u00eancia salvo se cumulativamente:<\/p>\n\n\n\n<ul class=\"wp-block-list\">\n<li>O programa o prever expressamente;<\/li>\n\n\n\n<li>As altera\u00e7\u00f5es ao mesmo sejam insignificantes;<\/li>\n\n\n\n<li>A informa\u00e7\u00e3o da altera\u00e7\u00e3o seja prestada ao viajante em suporte duradouro;<\/li>\n\n\n\n<li>Sendo altera\u00e7\u00f5es posteriores \u00e0 celebra\u00e7\u00e3o do contrato dependem de acordo pr\u00e9vio escrito das partes, salvo o previsto na cl\u00e1usula impossibilidade de cumprimento.<\/li>\n<\/ul>\n\n\n\n<p>As presentes condi\u00e7\u00f5es gerais obedecem ao disposto no Decreto-Lei n.\u00ba 17\/2018 de 08 de Mar\u00e7o.<br><br>As Condi\u00e7\u00f5es Gerais cujo objeto seja uma Viagem Organizada ou Servi\u00e7o de Viagem Conexo constante do programa, as correspondentes fichas de informa\u00e7\u00e3o normalizada e as condi\u00e7\u00f5es particulares que constam da documenta\u00e7\u00e3o de viagem facultada ao Viajante no momento de reserva da viagem consubstanciam o contrato de viagem que vincula as partes.<\/p>\n\n\n\n<p>1. Organiza\u00e7\u00e3o<\/p>\n\n\n\n<p>1.1 A organiza\u00e7\u00e3o das viagens inclu\u00eddas no presente site e a sua comercializa\u00e7\u00e3o \u00e9 da responsabilidade de Marilene Ferreira da Costa (ENI), doravante designada pelo nome comercial HMCS viagens, com sede na Rua Conde S. Bento, Galerias Catulo, lj 9 r\/c 4785-296 TROFA, NIF 210435704, com o RNAVT 4123, telefone 00351223172133*, email info@hmcsviagens.pt.<\/p>\n\n\n\n<p>2. Inscri\u00e7\u00f5es<\/p>\n\n\n\n<p>No ato da inscri\u00e7\u00e3o o Viajante dever\u00e1 depositar a percentagem do montante acordado do servi\u00e7o, liquidando o restante at\u00e9 21 dias antes do in\u00edcio do servi\u00e7o, ou no prazo que devidamente for informado aquando da reserva do servi\u00e7o. Se a inscri\u00e7\u00e3o tiver lugar a 21 dias ou menos da data do in\u00edcio do servi\u00e7o, o pre\u00e7o total do mesmo dever\u00e1 ser pago no ato da inscri\u00e7\u00e3o.<br>A HMCS viagens reserva-se o direito de anular qualquer inscri\u00e7\u00e3o cujo pagamento n\u00e3o tenha sido efetuado nas condi\u00e7\u00f5es acima mencionadas. As reservas encontram-se condicionadas \u00e0 obten\u00e7\u00e3o da parte dos fornecedores da confirma\u00e7\u00e3o de todos os servi\u00e7os.<\/p>\n\n\n\n<p>3. Informa\u00e7\u00e3o ao abrigo da lei n\u00ba.144\/2015 de 8 de setembro, na vers\u00e3o dada pela Lei n\u00ba 14\/2019 de 12 de fevereiro<\/p>\n\n\n\n<p>Nos termos da Lei n.\u00ba 144\/2015 de 8 de Setembro na sua reda\u00e7\u00e3o atual, informamos que o Viajante poder\u00e1 recorrer \u00e0s seguintes Entidades de Resolu\u00e7\u00e3o Alternativa de Lit\u00edgios de Consumo:<br><br>i) Provedor do Cliente das Ag\u00eancias de Viagens e Turismo in www.provedorapavt.com;<br>ii) Comiss\u00e3o Arbitral do Turismo de Portugal in www.turismodeportugal.pt;<\/p>\n\n\n\n<p>4. Reclama\u00e7\u00f5es<\/p>\n\n\n\n<p>4.1 Qualquer desconformidade na execu\u00e7\u00e3o de um servi\u00e7o de viagem inclu\u00eddo no contrato de viagem organizada tem de ser comunicada \u00e0 ag\u00eancia de viagens organizadora ou retalhista por escrito ou outra forma adequada logo que tal desconformidade ocorra, ou seja, sem demora injustificada.<br><br>4.2 O direito a apresentar reclama\u00e7\u00f5es para efeitos de redu\u00e7\u00e3o de pre\u00e7o ou direito a indemniza\u00e7\u00e3o por falta de conformidade dos servi\u00e7os de viagem inclu\u00eddos na viagem organizada prescreve no prazo de 2 anos.<\/p>\n\n\n\n<p>5. Bagagem<\/p>\n\n\n\n<p>5.1 A ag\u00eancia \u00e9 respons\u00e1vel pela bagagem nos termos legais;<br><br>5.2 O Viajante tem obriga\u00e7\u00e3o de reclamar junto da entidade prestadora dos servi\u00e7os no momento de subtra\u00e7\u00e3o, deteriora\u00e7\u00e3o ou destrui\u00e7\u00e3o de bagagem.<br><br>5.3 No transporte internacional, em caso de dano na bagagem, a reclama\u00e7\u00e3o dever\u00e1 ser feita por escrito ao transportador imediatamente ap\u00f3s a verifica\u00e7\u00e3o do dano, e no m\u00e1ximo 7 dias a contar da sua entrega. Estando em caso o mero atraso na entrega da bagagem a reclama\u00e7\u00e3o dever\u00e1 ser efetuada dentro de 21 dias a contar da data de entrega da mesma.<br><br>5.4 A apresenta\u00e7\u00e3o de tal reclama\u00e7\u00e3o ser\u00e1 fundamento essencial para o acionamento da responsabilidade da ag\u00eancia ou seguradora sobre a entidade prestadora do servi\u00e7o.<\/p>\n\n\n\n<p>6. Limites<\/p>\n\n\n\n<p>6.1 A responsabilidade da ag\u00eancia ter\u00e1 como limite o montante m\u00e1ximo exig\u00edvel \u00e0s entidades prestadoras dos servi\u00e7os, nos termos da Conven\u00e7\u00e3o de Montreal, de 28 de Maio de 1999, sobre Transporte A\u00e9reo Internacional, e da Conven\u00e7\u00e3o de Berna, de 1961, sobre Transporte Ferrovi\u00e1rio.<br><br>6.2. No que concerne aos transportes mar\u00edtimos, a responsabilidade das ag\u00eancias de viagens, relativamente aos seus Viajantes, pela presta\u00e7\u00e3o de servi\u00e7os de transporte, ou alojamento, quando for caso disso, por empresas de transportes mar\u00edtimos, no caso de danos resultantes de dolo ou neglig\u00eancia destas, ter\u00e1 como limites os seguintes montantes:<br>a) \u20ac 441.436, em caso de morte ou danos corporais;<br>b) \u20ac 7.881, em caso de perda total ou parcial de bagagem ou da sua danifica\u00e7\u00e3o;<br>c) \u20ac 31.424, em caso de perda de ve\u00edculo autom\u00f3vel, incluindo a bagagem nele contida;<br>d) \u20ac 10.375, em caso de perda de bagagem, acompanhada ou n\u00e3o, contida em ve\u00edculo autom\u00f3vel; e) \u20ac 1.097, por danos na bagagem, em resultado da danifica\u00e7\u00e3o do ve\u00edculo autom\u00f3vel.<br><br>6.3. Quando exista, a responsabilidade das ag\u00eancias de viagens e turismo pela deteriora\u00e7\u00e3o, destrui\u00e7\u00e3o e subtra\u00e7\u00e3o de bagagens ou outros artigos, em estabelecimentos de alojamento tur\u00edstico, enquanto o Viajante a\u00ed se encontrar alojado, tem como limites:<br>a) \u20ac 1.397, globalmente;<br>b) \u20ac 449 por artigo;<br>c) O valor declarado pelo Viajante, quanto aos artigos depositados \u00e0 guarda do estabelecimento de alojamento tur\u00edstico.<br><br>6.4. A responsabilidade da ag\u00eancia por danos n\u00e3o corporais est\u00e1 contratualmente limitada ao valor correspondente a tr\u00eas vezes o pre\u00e7o do servi\u00e7o vendido.<\/p>\n\n\n\n<p>7. Despesas de Reserva e de Altera\u00e7\u00e3o<\/p>\n\n\n\n<p>7.1 Por cada reserva ser\u00e3o cobradas despesas de acordo com informa\u00e7\u00e3o a prestar no momento da reserva. Por cada altera\u00e7\u00e3o (nomes, datas, tipo de apartamento ou quarto, viagem, etc) ser\u00e3o cobradas despesas de acordo com informa\u00e7\u00e3o a prestar no momento da altera\u00e7\u00e3o. Salientamos que a aceita\u00e7\u00e3o de tais altera\u00e7\u00f5es depende de aceita\u00e7\u00e3o por parte dos respetivos fornecedores.<br><br><\/p>\n\n\n\n<p>8. Documenta\u00e7\u00e3o<\/p>\n\n\n\n<p>8.1. O Viajante dever\u00e1 possuir em boa ordem a sua documenta\u00e7\u00e3o pessoal ou familiar, (bilhete de identidade, documenta\u00e7\u00e3o militar, autoriza\u00e7\u00e3o para menores, vistos, certificado de vacinas e outros eventualmente exigidos). A ag\u00eancia declina qualquer responsabilidade pela recusa de concess\u00e3o de vistos ou a n\u00e3o permiss\u00e3o de entrada ao Viajante em pa\u00eds estrangeiro; sendo ainda da conta do Viajante todo e qualquer custo que tal situa\u00e7\u00e3o acarretar.<br><br>8.2. Viagens na Uni\u00e3o Europeia:<\/p>\n\n\n\n<ul class=\"wp-block-list\">\n<li>Os Viajantes (independentemente da idade) que se desloquem dentro da Uni\u00e3o Europeia dever\u00e3o ser possuidores do respetivo documento de identifica\u00e7\u00e3o civil (Passaporte; B.I, Cart\u00e3o do Cidad\u00e3o);<\/li>\n\n\n\n<li>Para obten\u00e7\u00e3o de assist\u00eancia m\u00e9dica devem ser portadores do respetivo Cart\u00e3o Europeu do Seguro de Doen\u00e7a;<\/li>\n\n\n\n<li>Os nacionais de pa\u00edses n\u00e3o comunit\u00e1rios devem consultar informa\u00e7\u00e3o espec\u00edfica quanto \u00e0 documenta\u00e7\u00e3o necess\u00e1ria para realiza\u00e7\u00e3o de viagem junto das embaixadas\/ consulados dos pa\u00edses de origem;<\/li>\n<\/ul>\n\n\n\n<p>8.3. Viagens fora da Uni\u00e3o Europeia:<\/p>\n\n\n\n<ul class=\"wp-block-list\">\n<li>Os Viajantes (independentemente da idade) que se desloquem para fora da Uni\u00e3o Europeia dever\u00e3o ser possuidores do respetivo documento de identifica\u00e7\u00e3o civil (passaporte) bem como do visto se necess\u00e1rio (obtenha tal informa\u00e7\u00e3o junto da ag\u00eancia no momento da reserva);<\/li>\n\n\n\n<li>Os nacionais de pa\u00edses n\u00e3o comunit\u00e1rios devem consultar informa\u00e7\u00e3o espec\u00edfica quanto \u00e0 documenta\u00e7\u00e3o necess\u00e1ria para realiza\u00e7\u00e3o de viagem junto das embaixadas\/ consulados dos pa\u00edses de origem;<\/li>\n<\/ul>\n\n\n\n<p>9. Altera\u00e7\u00f5es solicitadas pelo viajante<\/p>\n\n\n\n<p>9.1. Caso os fornecedores da viagem em causa permitam, sempre que um Viajante, inscrito para uma determinada viagem, desejar mudar a sua inscri\u00e7\u00e3o para uma outra viagem ou para a mesma com partida em data diferente, ou outra eventual altera\u00e7\u00e3o, dever\u00e1 pagar a taxa, bem como despesas de altera\u00e7\u00e3o. Contudo, quando a mudan\u00e7a tiver lugar com 21 dias ou menos de anteced\u00eancia em rela\u00e7\u00e3o \u00e0 data da partida da viagem, para a qual o Viajante se encontra inscrito, ou se os fornecedores de servi\u00e7os n\u00e3o aceitarem a altera\u00e7\u00e3o, fica sujeito \u00e0s despesas e encargos previstos na cl\u00e1usula \u201cRescis\u00e3o do Contrato pelo Viajante\u201d.<br><br>9.2. Ap\u00f3s iniciada a viagem, se solicitada a altera\u00e7\u00e3o dos servi\u00e7os contratados por motivos n\u00e3o imput\u00e1veis \u00e0 ag\u00eancia (ex. amplia\u00e7\u00e3o das noites de estadia, altera\u00e7\u00e3o de voo) os pre\u00e7os dos servi\u00e7os tur\u00edsticos poder\u00e3o n\u00e3o corresponder aos publicados no folheto que motivou a contrata\u00e7\u00e3o.<\/p>\n\n\n\n<p>10. Cess\u00e3o da Inscri\u00e7\u00e3o (posi\u00e7\u00e3o contratual)<\/p>\n\n\n\n<p>10.1 O viajante pode ceder a sua posi\u00e7\u00e3o, fazendo-se substituir por outra pessoa que preencha todas as condi\u00e7\u00f5es requeridas para a viagem organizada, desde que informe a ag\u00eancia de viagens e turismo, por forma escrita, at\u00e9 sete dias seguidos antes da data prevista para a partida.<br><br>10.2 O cedente e o cession\u00e1rio s\u00e3o solidariamente respons\u00e1veis pelo pagamento do saldo em d\u00edvida e pelas taxas, os encargos ou custos adicionais originados pela cess\u00e3o, os quais ser\u00e3o devidamente informados e comprovados pela ag\u00eancia de viagens e turismo.<\/p>\n\n\n\n<p>11. Altera\u00e7\u00f5es a efetuar pela ag\u00eancia<\/p>\n\n\n\n<p>11.1. Sempre que existam raz\u00f5es fundamentadas que o justifiquem, a AG\u00caNCIA poder\u00e1 alterar as condi\u00e7\u00f5es que constam do programa, nomeadamente a ordem dos percursos, as horas de partida ou substituir qualquer dos alojamentos previstos por outros de categoria e localiza\u00e7\u00e3o similar, devendo informar o cliente de tal altera\u00e7\u00e3o.<\/p>\n\n\n\n<p>11.2. Sempre que, antes do in\u00edcio da viagem organizada, a ag\u00eancia organizadora propuser o aumento do pre\u00e7o da viagem organizada em mais de 8%, o viajante pode, no prazo de 7 dias:<br>a) Aceitar a altera\u00e7\u00e3o proposta;<br>b) Rescindir o contrato, sem qualquer penaliza\u00e7\u00e3o, sendo reembolsado das quantias pagas;<br>c) Aceitar uma viagem organizada de substitui\u00e7\u00e3o proposta pela ag\u00eancia de viagens e turismo, sendo reembolsado em caso de diferen\u00e7a de pre\u00e7o ou pagar o excesso, se for o caso.<br><br>11.2. A aus\u00eancia de resposta por parte do viajante no prazo fixado pela ag\u00eancia de viagens e turismo implicar\u00e1 a aceita\u00e7\u00e3o t\u00e1cita da altera\u00e7\u00e3o proposta, de cancelamento da viagem com a aplica\u00e7\u00e3o das respetivas taxas de rescis\u00e3o previstas na cl\u00e1usula 7.<\/p>\n\n\n\n<p>12. Rescis\u00e3o do contrato pela ag\u00eancia<\/p>\n\n\n\n<p>12.1. Quando a viagem esteja dependente de um n\u00famero m\u00ednimo de participantes a Ag\u00eancia reserva-se o direito de cancelar a viagem organizada caso o n\u00famero de participantes alcan\u00e7ado seja inferior ao m\u00ednimo. Nestes casos, o viajante ser\u00e1 informado por escrito do cancelamento no prazo de:<br>a) 20 dias antes do in\u00edcio da viagem organizada, no caso de viagens com dura\u00e7\u00e3o superior a seis dias;<br>b) 7 dias antes do in\u00edcio da viagem organizada, no caso de viagens com dura\u00e7\u00e3o de dois a seis dias;<br>c) 48 horas antes do in\u00edcio da viagem organizada, no caso de viagens com dura\u00e7\u00e3o inferior a dois dias.<br><br>12.2. Antes do in\u00edcio da viagem organizada a ag\u00eancia de viagens e turismo poder\u00e1 ainda rescindir o contrato se for impedida de executar o mesmo devido a circunst\u00e2ncias inevit\u00e1veis e excecionais.<br><br>12.3. A rescis\u00e3o do contrato de viagem pela ag\u00eancia nos termos acima referidos apenas confere ao viajante o direito ao reembolso integral dos pagamentos efetuados no prazo m\u00e1ximo de 14 dias ap\u00f3s a rescis\u00e3o do contrato de viagem<\/p>\n\n\n\n<p>13. Altera\u00e7\u00e3o ao pre\u00e7o<\/p>\n\n\n\n<p>13.1. Os pre\u00e7os constantes do programa est\u00e3o baseados nos custos dos servi\u00e7os e taxas de c\u00e2mbio vigentes \u00e0 data de impress\u00e3o deste programa, pelo que est\u00e3o sujeitos a altera\u00e7\u00f5es (aumento ou redu\u00e7\u00e3o de pre\u00e7o) que resultem de varia\u00e7\u00f5es no custo dos transportes ou do combust\u00edvel, impostos, taxas e flutua\u00e7\u00f5es cambiais at\u00e9 20 dias antes da data de viagem.<br><br>13.2. Caso o aumento em causa exceda 8% do pre\u00e7o total da viagem organizada, aplicar-se-\u00e1 o disposto na cl\u00e1usula \u201c<strong>ALTERA\u00c7\u00d5ES A EFETUAR PELA AG\u00caNCIA<\/strong>\u201d.<br><br>13.3. Em caso de redu\u00e7\u00e3o de pre\u00e7o a ag\u00eancia de viagens e turismo reserva-se o direito de deduzir ao reembolso a efetuar ao viajante as correspondentes despesas administrativas, que a pedido do viajante ser\u00e3o justificadas.<\/p>\n\n\n\n<p>14. Reembolsos<\/p>\n\n\n\n<p>Depois de iniciada a viagem n\u00e3o \u00e9 devido qualquer reembolso por servi\u00e7os n\u00e3o utilizados pelo Viajante por motivos de for\u00e7a maior ou por causa imput\u00e1vel ao Viajante, salvo reembolso pelos respetivos fornecedores. A n\u00e3o presta\u00e7\u00e3o de servi\u00e7os previstos no programa de viagem por causas imput\u00e1veis \u00e0 ag\u00eancia organizadora e caso n\u00e3o seja poss\u00edvel a substitui\u00e7\u00e3o por outros equivalentes, confere ao Viajante o direito a ser reembolsado pela diferen\u00e7a entre o pre\u00e7o dos servi\u00e7os previstos e o dos efetivamente prestados.<\/p>\n\n\n\n<p>15. Rescis\u00e3o do contrato pelo viajante<\/p>\n\n\n\n<p>15.1 O viajante \u00e9 livre de desistir da viagem a todo o tempo antes do in\u00edcio da viagem.<br><br>15.2 Tal rescis\u00e3o implica que o mesmo seja respons\u00e1vel pelo pagamento de todos os encargos a que o in\u00edcio do cumprimento do contrato e a sua desist\u00eancia deem lugar, menos a reafecta\u00e7\u00e3o de servi\u00e7os e as economias de custos.<br><br>15.3 Quando seja caso disso, o Viajante ser\u00e1 reembolsado pela diferen\u00e7a entre a quantia paga e os montantes acima referidos. Na presente situa\u00e7\u00e3o o reembolso ser\u00e1 efetuado, deduzidos os encargos, no prazo m\u00e1ximo de 14 dias ap\u00f3s a rescis\u00e3o do contrato de viagem.<br><br>15.4 O viajante tem ainda direito a rescindir o contrato de viagem antes do in\u00edcio da mesma sem pagar qualquer taxa de rescis\u00e3o, caso se verifiquem circunst\u00e2ncias inevit\u00e1veis e excecionais no local de destino ou na sua proximidade imediata que afetem consideravelmente a realiza\u00e7\u00e3o da mesma ou o transporte dos passageiros para o destino. A rescis\u00e3o do contrato de viagem nesta situa\u00e7\u00e3o apenas confere ao viajante o direito ao reembolso integral dos pagamentos efetuados, excluindo-se assim o ressarcimento por quaisquer danos.<\/p>\n\n\n\n<p>16. Responsabilidade<\/p>\n\n\n\n<p>16.1. Nos termos da legisla\u00e7\u00e3o em vigor a responsabilidade da ag\u00eancia encontra-se garantida por um seguro de responsabilidade civil da companhia Seguradora Ageas Seguros.<br><br>16.2. A ag\u00eancia de viagens e turismo n\u00e3o \u00e9 respons\u00e1vel por erros na reserva que sejam imput\u00e1veis ao viajante ou que sejam causados por circunst\u00e2ncias inevit\u00e1veis e excecionais.<\/p>\n\n\n\n<p>17. Assist\u00eancia<\/p>\n\n\n\n<p>17.1. Em caso de dificuldades do viajante, ou quando por raz\u00f5es que n\u00e3o lhe forem imput\u00e1veis, este n\u00e3o possa terminar a viagem organizada, a ag\u00eancia de viagens e turismo dar\u00e1 a seguinte assist\u00eancia:<br>a) Disponibiliza\u00e7\u00e3o de informa\u00e7\u00f5es adequadas sobre os servi\u00e7os de sa\u00fade, as autoridades locais e a assist\u00eancia consular; e<br>b) Auxilio ao viajante na realiza\u00e7\u00e3o de comunica\u00e7\u00f5es \u00e0 dist\u00e2ncia e a encontrar solu\u00e7\u00f5es alternativas de viagem.<br><br>17.2 Caso a dificuldade que fundamenta o pedido de assist\u00eancia tenha sido causada pelo viajante de forma deliberada ou por neglig\u00eancia, a ag\u00eancia de viagens e turismo poder\u00e1 cobrar uma taxa no valor dos custos em que incorreu em virtude da presta\u00e7\u00e3o dessa assist\u00eancia.<br><br>17.3. Se devido a circunst\u00e2ncias inevit\u00e1veis e excecionais, o viajante n\u00e3o puder regressar, a ag\u00eancia de viagens e turismo organizadora \u00e9 respons\u00e1vel por assegurar os custos de alojamento necess\u00e1rios, se poss\u00edvel de categoria equivalente, por um per\u00edodo n\u00e3o superior a tr\u00eas noites por viajante. A ag\u00eancia de viagens e turismo retalhista \u00e9 solidariamente respons\u00e1vel pela obriga\u00e7\u00e3o em causa, sem preju\u00edzo do direito de regresso, nos termos gerais aplic\u00e1veis.<br><br>17.4. A limita\u00e7\u00e3o dos custos prevista supra n\u00e3o se aplica \u00e0s pessoas com mobilidade reduzida, nem aos respetivos acompanhantes, \u00e0s gr\u00e1vidas e \u00e0s crian\u00e7as n\u00e3o acompanhadas, nem \u00e0s pessoas que necessitem de cuidados m\u00e9dicos espec\u00edficos, desde que a ag\u00eancia de viagens e turismo tenha sido notificada dessas necessidades espec\u00edficas pelo menos 48 horas antes do in\u00edcio da viagem organizada.<\/p>\n\n\n\n<p>18. Insolv\u00eancia<\/p>\n\n\n\n<p>Em caso de insolv\u00eancia da ag\u00eancia de viagens e turismo o viajante pode recorrer ao Fundo de Garantia de Viagens e Turismo, devendo para tal recorrer ao Turismo de Portugal I.P entidade respons\u00e1vel pelo respetivo acionamento:<br>Turismo de Portugal, I.P.<br>Rua Ivone Silva, Lote 6, 1050-124 Lisboa<br>Tel. 211 140&nbsp;200* | Fax. 211 140 830<br>info@turismodeportugal.pt<\/p>\n\n\n\n<p>19. Seguros<\/p>\n\n\n\n<p>19.1. A responsabilidade da ag\u00eancia de viagens organizadora \/ vendedora deste programa e emergentes das obriga\u00e7\u00f5es assumidas, encontra-se garantida por seguro de responsabilidade civil, no montante de \u20ac75.000,00 e nos termos da legisla\u00e7\u00e3o em vigor.<br>19.2. A ag\u00eancia disponibiliza ainda a venda de seguros que poder\u00e3o ser adquiridos em fun\u00e7\u00e3o da viagem para garantia de situa\u00e7\u00f5es de assist\u00eancia e despesas de cancelamento.<\/p>\n\n\n\n<p>20. IVA<\/p>\n\n\n\n<p>Os pre\u00e7os mencionados neste programa refletem j\u00e1 o Imposto de Valor Acrescentado \u00e0 taxa atual 23%.<\/p>\n\n\n\n<p>21. Validade<\/p>\n\n\n\n<p>Os programas apresentados no nosso site s\u00e3o v\u00e1lidos at\u00e9 \u00e0 \u00faltima data de regresso de viagem de cada um deles.<\/p>\n\n\n\n<p>22. Reserva Servi\u00e7os na \u00e1rea Reservas Online<\/p>\n\n\n\n<p>Consultar rodap\u00e9 da p\u00e1gina Re4servas Online com as condi\u00e7\u00f5es particulares de reserva.<\/p>\n\n\n\n<p>NOTAS<\/p>\n\n\n\n<ul class=\"wp-block-list\">\n<li>As presentes condi\u00e7\u00f5es gerais poder\u00e3o ser complementadas por quaisquer outras espec\u00edficas desde que devidamente acordadas pelas partes.&nbsp;<\/li>\n\n\n\n<li>Os pre\u00e7os dos programas est\u00e3o baseados na cotiza\u00e7\u00e3o m\u00e9dia do d\u00f3lar pelo que qualquer deriva\u00e7\u00e3o relevante desta moeda poder\u00e1 implicar uma revis\u00e3o dos pre\u00e7os da viagem nos termos constantes da cl\u00e1usula \u201caltera\u00e7\u00e3o de pre\u00e7o\u201d.<\/li>\n\n\n\n<li>Devido \u00e1s constantes altera\u00e7\u00f5es do pre\u00e7o dos combust\u00edveis sobre os pre\u00e7os praticados poder\u00e1 haver altera\u00e7\u00e3o do suplemento de combust\u00edvel inserido no pre\u00e7o nos termos constantes da cl\u00e1usula \u201caltera\u00e7\u00e3o de pre\u00e7o\u201d.<\/li>\n\n\n\n<li>As categorias dos hot\u00e9is e cruzeiros apresentados nesta brochura seguem as normas de qualidade do pais de acolhimento, podendo os mesmos ser alterados por outros similares quando por motivos alheios \u00e0 ag\u00eancia n\u00e3o seja poss\u00edvel manter ou confirmar a reserva existente, obrigando-se a ag\u00eancia a informar o Viajante logo que de tal tenha conhecimento.<\/li>\n<\/ul>\n\n\n\n<p>INFORMA\u00c7\u00d5ES GERAIS<\/p>\n\n\n\n<p><strong>HORAS DE CHEGADA OU PARTIDA<\/strong><br>As horas de partida e de chegada est\u00e3o indicadas na hora local do respetivo pa\u00eds e de acordo com hor\u00e1rios das respetivas companhias a\u00e9rea \u00e0 data de impress\u00e3o deste programa, podendo por isso ser sujeitas a altera\u00e7\u00e3o.<br><br><strong>HOT\u00c9IS\/ APARTAMENTOS<\/strong><br>Apartamentos &#8211; No caso do alojamento ser contratado em apartamento \u00e9 da responsabilidade do Viajante a informa\u00e7\u00e3o do n\u00famero de pessoas que ir\u00e3o ocupar o apartamento. No caso de se apresentarem mais pessoas que as reservadas, os apartamentos poder\u00e3o recusar a entradas.<\/p>\n\n\n\n<p>Hot\u00e9is &#8211; O pre\u00e7o apresentado \u00e9 por pessoa e est\u00e3o baseados numa ocupa\u00e7\u00e3o dupla. Nem todos os hot\u00e9is disp\u00f5em de quarto triplo sendo por norma colocada uma cama extra que pode n\u00e3o ser de id\u00eantica qualidade. Nos quartos equipados com duas camas ou casal, o triplo pode ser constitu\u00eddo apenas por aquelas camas.<\/p>\n\n\n\n<p>A rela\u00e7\u00e3o dos hot\u00e9is e apartamentos constantes dos programas \u00e9 indicativa assim como a sua categoria que respeita a crit\u00e9rios e classifica\u00e7\u00f5es locais cujos crit\u00e9rios por vezes s\u00e3o distintos dos utilizados em Portugal.<br><br><strong>REFEI\u00c7\u00d5ES<\/strong><br>Salvo indica\u00e7\u00f5es em contr\u00e1rio, os pre\u00e7os apresentados para os suplementos de Meia Pens\u00e3o e Pens\u00e3o Completa n\u00e3o incluem bebidas. Nas chegadas ao hotel ap\u00f3s a 19h o primeiro servi\u00e7o de refei\u00e7\u00e3o ser\u00e1 o pequeno-almo\u00e7o do dia seguinte, no \u00faltimo dia e salvo possibilidade de late check-out, o \u00faltimo servi\u00e7o do hotel ser\u00e1 o pequeno-almo\u00e7o.<br><br><strong>HOR\u00c1RIOS DE ENTRADA E SA\u00cdDA<\/strong><br>As horas e entrada e sa\u00edda no primeiro e \u00faltimo dia, ser\u00e3o definidas em fun\u00e7\u00e3o do primeiro e \u00faltimo servi\u00e7o. Em regra, sem car\u00e1cter vinculativo os quartos podem ser utilizados a partir das 14h do dia de chegada e dever\u00e3o ser deixados livres at\u00e9 as 12h do dia de sa\u00edda. Nos apartamentos a entrada verifica-se geralmente pelas 17h do dia de chegada e dever\u00e3o ser deixados livres at\u00e9 as 10h do dia de sa\u00edda.<br><br><strong>CONDI\u00c7\u00d5ES ESPECIAIS PARA CRIAN\u00c7AS<\/strong><br>Dada a diversidade de condi\u00e7\u00f5es aplicadas \u00e0s crian\u00e7as (destino e fornecedor) recomenda-se questionar sempre as condi\u00e7\u00f5es especiais que porventura sejam aplicadas \u00e0 viagem em causa.<br><br><strong>SEGUROS DE VIAGEM<\/strong><br>A HMCS viagens disponibiliza a venda de seguros com e\/ou sem cancelamento de for\u00e7a maior e complementos que poder\u00e3o ser adquiridos em fun\u00e7\u00e3o da viagem para garantia de situa\u00e7\u00f5es de assist\u00eancia e despesas de cancelamento.<\/p>\n\n\n\n<p><br><\/p>\n\n\n\n<p>HMCS viagens de Marilene Ferreira da Costa (ENI) \u2013 NIF 210435704<\/p>\n\n\n\n<p>Rua Conde S. Bento Galerias Catulo | Loja 9 r\/c | 4785-296 Trofa |<a href=\"https:\/\/hmcsviagens.pt\/\">www.hmcsviagens.pt<\/a> | <a href=\"mailto:info@hmcsviagens.pt\">info@hmcsviagens.pt<\/a> |<strong>+351&nbsp;223 172&nbsp;133* | &nbsp;<\/strong>RNAVT 4123&nbsp;&nbsp;&nbsp;&nbsp;&nbsp;&nbsp;&nbsp;&nbsp;&nbsp;&nbsp;&nbsp;&nbsp;&nbsp;&nbsp;&nbsp;&nbsp;&nbsp;&nbsp;&nbsp;&nbsp;&nbsp;&nbsp;&nbsp;&nbsp;&nbsp;&nbsp;&nbsp;&nbsp;&nbsp;&nbsp;&nbsp;&nbsp;&nbsp;&nbsp;&nbsp;&nbsp;&nbsp;&nbsp;&nbsp;&nbsp;&nbsp;&nbsp;&nbsp;&nbsp;&nbsp;&nbsp;&nbsp;&nbsp;&nbsp;&nbsp;&nbsp;&nbsp;&nbsp;&nbsp;&nbsp;&nbsp;&nbsp;&nbsp;&nbsp;&nbsp;&nbsp;&nbsp;&nbsp;&nbsp;&nbsp;&nbsp;&nbsp;&nbsp;&nbsp;&nbsp;&nbsp;&nbsp;&nbsp;&nbsp;&nbsp;&nbsp;&nbsp;&nbsp;&nbsp;&nbsp;&nbsp;&nbsp;&nbsp;&nbsp;&nbsp;&nbsp;&nbsp;&nbsp;&nbsp;&nbsp;&nbsp;&nbsp;&nbsp;&nbsp;&nbsp;&nbsp;&nbsp;&nbsp;&nbsp;&nbsp;&nbsp;&nbsp;&nbsp;&nbsp;&nbsp;&nbsp;&nbsp;&nbsp;&nbsp;&nbsp;&nbsp;&nbsp;&nbsp;&nbsp;&nbsp;&nbsp;&nbsp;&nbsp;&nbsp;&nbsp;&nbsp;&nbsp;&nbsp;&nbsp;&nbsp;&nbsp;&nbsp;&nbsp;&nbsp;&nbsp;&nbsp;&nbsp;&nbsp;&nbsp;&nbsp;&nbsp;&nbsp;&nbsp;&nbsp;<\/p>\n\n\n\n<p>*custo chamada rede fixa nacional<\/p>\n","protected":false},"excerpt":{"rendered":"<p>As presentes condi\u00e7\u00f5es gerais fazem parte integrante do programa de viagens apresentado no nosso site, constituindo na aus\u00eancia de documento aut\u00f3nomo o contrato de viagem&hellip;<\/p>\n","protected":false},"author":1,"featured_media":0,"parent":0,"menu_order":0,"comment_status":"closed","ping_status":"closed","template":"","meta":{"_monsterinsights_skip_tracking":false,"_monsterinsights_sitenote_active":false,"_monsterinsights_sitenote_note":"","_monsterinsights_sitenote_category":0,"footnotes":""},"class_list":["post-1209","page","type-page","status-publish","hentry"],"yoast_head":"<!-- This site is optimized with the Yoast SEO plugin v27.4 - https:\/\/yoast.com\/product\/yoast-seo-wordpress\/ -->\n<title>Termos e Condi\u00e7\u00f5es - HMCS viagens<\/title>\n<meta name=\"robots\" content=\"index, follow, max-snippet:-1, max-image-preview:large, max-video-preview:-1\" \/>\n<link rel=\"canonical\" href=\"https:\/\/hmcsviagens.pt\/index.php\/termos-e-condicoes\/\" \/>\n<meta property=\"og:locale\" content=\"pt_PT\" \/>\n<meta property=\"og:type\" content=\"article\" \/>\n<meta property=\"og:title\" content=\"Termos e Condi\u00e7\u00f5es - HMCS viagens\" \/>\n<meta property=\"og:description\" content=\"As presentes condi\u00e7\u00f5es gerais fazem parte integrante do programa de viagens apresentado no nosso site, constituindo na aus\u00eancia de documento aut\u00f3nomo o contrato de viagem&hellip;\" \/>\n<meta property=\"og:url\" content=\"https:\/\/hmcsviagens.pt\/index.php\/termos-e-condicoes\/\" \/>\n<meta property=\"og:site_name\" content=\"HMCS viagens\" \/>\n<meta property=\"article:publisher\" content=\"https:\/\/www.facebook.com\/hmcsviagens\" \/>\n<meta property=\"article:modified_time\" content=\"2022-12-22T16:45:52+00:00\" \/>\n<meta name=\"twitter:card\" content=\"summary_large_image\" \/>\n<meta name=\"twitter:label1\" content=\"Tempo estimado de leitura\" \/>\n\t<meta name=\"twitter:data1\" content=\"18 minutos\" \/>\n<script type=\"application\/ld+json\" class=\"yoast-schema-graph\">{\"@context\":\"https:\\\/\\\/schema.org\",\"@graph\":[{\"@type\":\"WebPage\",\"@id\":\"https:\\\/\\\/hmcsviagens.pt\\\/index.php\\\/termos-e-condicoes\\\/\",\"url\":\"https:\\\/\\\/hmcsviagens.pt\\\/index.php\\\/termos-e-condicoes\\\/\",\"name\":\"Termos e Condi\u00e7\u00f5es - HMCS viagens\",\"isPartOf\":{\"@id\":\"https:\\\/\\\/hmcsviagens.pt\\\/#website\"},\"datePublished\":\"2022-12-22T16:45:44+00:00\",\"dateModified\":\"2022-12-22T16:45:52+00:00\",\"breadcrumb\":{\"@id\":\"https:\\\/\\\/hmcsviagens.pt\\\/index.php\\\/termos-e-condicoes\\\/#breadcrumb\"},\"inLanguage\":\"pt-PT\",\"potentialAction\":[{\"@type\":\"ReadAction\",\"target\":[\"https:\\\/\\\/hmcsviagens.pt\\\/index.php\\\/termos-e-condicoes\\\/\"]}]},{\"@type\":\"BreadcrumbList\",\"@id\":\"https:\\\/\\\/hmcsviagens.pt\\\/index.php\\\/termos-e-condicoes\\\/#breadcrumb\",\"itemListElement\":[{\"@type\":\"ListItem\",\"position\":1,\"name\":\"Home\",\"item\":\"https:\\\/\\\/hmcsviagens.pt\\\/\"},{\"@type\":\"ListItem\",\"position\":2,\"name\":\"Termos e Condi\u00e7\u00f5es\"}]},{\"@type\":\"WebSite\",\"@id\":\"https:\\\/\\\/hmcsviagens.pt\\\/#website\",\"url\":\"https:\\\/\\\/hmcsviagens.pt\\\/\",\"name\":\"HMCS viagens\",\"description\":\"Viagens de neg\u00f3cios, luas de mel, programas para escapadinhas, viagens \u00e0 medida, hot\u00e9is, hot\u00e9is de luxo, voos, transfers, excurs\u00f5es. Reserve na HMCS Viagens\",\"publisher\":{\"@id\":\"https:\\\/\\\/hmcsviagens.pt\\\/#organization\"},\"potentialAction\":[{\"@type\":\"SearchAction\",\"target\":{\"@type\":\"EntryPoint\",\"urlTemplate\":\"https:\\\/\\\/hmcsviagens.pt\\\/?s={search_term_string}\"},\"query-input\":{\"@type\":\"PropertyValueSpecification\",\"valueRequired\":true,\"valueName\":\"search_term_string\"}}],\"inLanguage\":\"pt-PT\"},{\"@type\":\"Organization\",\"@id\":\"https:\\\/\\\/hmcsviagens.pt\\\/#organization\",\"name\":\"HMCS viagens\",\"url\":\"https:\\\/\\\/hmcsviagens.pt\\\/\",\"logo\":{\"@type\":\"ImageObject\",\"inLanguage\":\"pt-PT\",\"@id\":\"https:\\\/\\\/hmcsviagens.pt\\\/#\\\/schema\\\/logo\\\/image\\\/\",\"url\":\"https:\\\/\\\/hmcsviagens.pt\\\/wp-content\\\/uploads\\\/2021\\\/03\\\/logo-hmcs-viagens-quad-br-02-01.png\",\"contentUrl\":\"https:\\\/\\\/hmcsviagens.pt\\\/wp-content\\\/uploads\\\/2021\\\/03\\\/logo-hmcs-viagens-quad-br-02-01.png\",\"width\":2250,\"height\":1210,\"caption\":\"HMCS viagens\"},\"image\":{\"@id\":\"https:\\\/\\\/hmcsviagens.pt\\\/#\\\/schema\\\/logo\\\/image\\\/\"},\"sameAs\":[\"https:\\\/\\\/www.facebook.com\\\/hmcsviagens\",\"https:\\\/\\\/www.instagram.com\\\/hmcsviagens\",\"https:\\\/\\\/www.linkedin.com\\\/company\\\/hmcsviagens\",\"https:\\\/\\\/www.pinterest.pt\\\/hmcsviagens\",\"https:\\\/\\\/www.youtube.com\\\/channel\\\/UCAvTyhGTW4S5VCpFgRM3YQw\"]}]}<\/script>\n<!-- \/ Yoast SEO plugin. -->","yoast_head_json":{"title":"Termos e Condi\u00e7\u00f5es - HMCS viagens","robots":{"index":"index","follow":"follow","max-snippet":"max-snippet:-1","max-image-preview":"max-image-preview:large","max-video-preview":"max-video-preview:-1"},"canonical":"https:\/\/hmcsviagens.pt\/index.php\/termos-e-condicoes\/","og_locale":"pt_PT","og_type":"article","og_title":"Termos e Condi\u00e7\u00f5es - HMCS viagens","og_description":"As presentes condi\u00e7\u00f5es gerais fazem parte integrante do programa de viagens apresentado no nosso site, constituindo na aus\u00eancia de documento aut\u00f3nomo o contrato de viagem&hellip;","og_url":"https:\/\/hmcsviagens.pt\/index.php\/termos-e-condicoes\/","og_site_name":"HMCS viagens","article_publisher":"https:\/\/www.facebook.com\/hmcsviagens","article_modified_time":"2022-12-22T16:45:52+00:00","twitter_card":"summary_large_image","twitter_misc":{"Tempo estimado de leitura":"18 minutos"},"schema":{"@context":"https:\/\/schema.org","@graph":[{"@type":"WebPage","@id":"https:\/\/hmcsviagens.pt\/index.php\/termos-e-condicoes\/","url":"https:\/\/hmcsviagens.pt\/index.php\/termos-e-condicoes\/","name":"Termos e Condi\u00e7\u00f5es - HMCS viagens","isPartOf":{"@id":"https:\/\/hmcsviagens.pt\/#website"},"datePublished":"2022-12-22T16:45:44+00:00","dateModified":"2022-12-22T16:45:52+00:00","breadcrumb":{"@id":"https:\/\/hmcsviagens.pt\/index.php\/termos-e-condicoes\/#breadcrumb"},"inLanguage":"pt-PT","potentialAction":[{"@type":"ReadAction","target":["https:\/\/hmcsviagens.pt\/index.php\/termos-e-condicoes\/"]}]},{"@type":"BreadcrumbList","@id":"https:\/\/hmcsviagens.pt\/index.php\/termos-e-condicoes\/#breadcrumb","itemListElement":[{"@type":"ListItem","position":1,"name":"Home","item":"https:\/\/hmcsviagens.pt\/"},{"@type":"ListItem","position":2,"name":"Termos e Condi\u00e7\u00f5es"}]},{"@type":"WebSite","@id":"https:\/\/hmcsviagens.pt\/#website","url":"https:\/\/hmcsviagens.pt\/","name":"HMCS viagens","description":"Viagens de neg\u00f3cios, luas de mel, programas para escapadinhas, viagens \u00e0 medida, hot\u00e9is, hot\u00e9is de luxo, voos, transfers, excurs\u00f5es. Reserve na HMCS Viagens","publisher":{"@id":"https:\/\/hmcsviagens.pt\/#organization"},"potentialAction":[{"@type":"SearchAction","target":{"@type":"EntryPoint","urlTemplate":"https:\/\/hmcsviagens.pt\/?s={search_term_string}"},"query-input":{"@type":"PropertyValueSpecification","valueRequired":true,"valueName":"search_term_string"}}],"inLanguage":"pt-PT"},{"@type":"Organization","@id":"https:\/\/hmcsviagens.pt\/#organization","name":"HMCS viagens","url":"https:\/\/hmcsviagens.pt\/","logo":{"@type":"ImageObject","inLanguage":"pt-PT","@id":"https:\/\/hmcsviagens.pt\/#\/schema\/logo\/image\/","url":"https:\/\/hmcsviagens.pt\/wp-content\/uploads\/2021\/03\/logo-hmcs-viagens-quad-br-02-01.png","contentUrl":"https:\/\/hmcsviagens.pt\/wp-content\/uploads\/2021\/03\/logo-hmcs-viagens-quad-br-02-01.png","width":2250,"height":1210,"caption":"HMCS viagens"},"image":{"@id":"https:\/\/hmcsviagens.pt\/#\/schema\/logo\/image\/"},"sameAs":["https:\/\/www.facebook.com\/hmcsviagens","https:\/\/www.instagram.com\/hmcsviagens","https:\/\/www.linkedin.com\/company\/hmcsviagens","https:\/\/www.pinterest.pt\/hmcsviagens","https:\/\/www.youtube.com\/channel\/UCAvTyhGTW4S5VCpFgRM3YQw"]}]}},"jetpack_sharing_enabled":true,"_links":{"self":[{"href":"https:\/\/hmcsviagens.pt\/index.php\/wp-json\/wp\/v2\/pages\/1209","targetHints":{"allow":["GET"]}}],"collection":[{"href":"https:\/\/hmcsviagens.pt\/index.php\/wp-json\/wp\/v2\/pages"}],"about":[{"href":"https:\/\/hmcsviagens.pt\/index.php\/wp-json\/wp\/v2\/types\/page"}],"author":[{"embeddable":true,"href":"https:\/\/hmcsviagens.pt\/index.php\/wp-json\/wp\/v2\/users\/1"}],"replies":[{"embeddable":true,"href":"https:\/\/hmcsviagens.pt\/index.php\/wp-json\/wp\/v2\/comments?post=1209"}],"version-history":[{"count":0,"href":"https:\/\/hmcsviagens.pt\/index.php\/wp-json\/wp\/v2\/pages\/1209\/revisions"}],"wp:attachment":[{"href":"https:\/\/hmcsviagens.pt\/index.php\/wp-json\/wp\/v2\/media?parent=1209"}],"curies":[{"name":"wp","href":"https:\/\/api.w.org\/{rel}","templated":true}]}}